{"version":"1.0","provider_name":"Godno\u015b\u0107 - DignityNews.eu","provider_url":"https:\/\/dignitynews.eu\/pl\/","title":"Radziwi\u0142\u0142owskie pami\u0105tki na wystawie w Muzeum w Nieborowie - Godno\u015b\u0107 - DignityNews.eu","type":"rich","width":600,"height":338,"html":"<blockquote class=\"wp-embedded-content\" data-secret=\"OJT1WAQi02\"><a href=\"https:\/\/dignitynews.eu\/pl\/radziwillowskie-pamiatki-na-wystawie-w-muzeum-w-nieborowie\/\">Radziwi\u0142\u0142owskie pami\u0105tki na wystawie w Muzeum w Nieborowie<\/a><\/blockquote><iframe sandbox=\"allow-scripts\" security=\"restricted\" src=\"https:\/\/dignitynews.eu\/pl\/radziwillowskie-pamiatki-na-wystawie-w-muzeum-w-nieborowie\/embed\/#?secret=OJT1WAQi02\" width=\"600\" height=\"338\" title=\"&#8222;Radziwi\u0142\u0142owskie pami\u0105tki na wystawie w Muzeum w Nieborowie&#8221; &#8212; Godno\u015b\u0107 - DignityNews.eu\" data-secret=\"OJT1WAQi02\" frameborder=\"0\" marginwidth=\"0\" marginheight=\"0\" scrolling=\"no\" class=\"wp-embedded-content\"><\/iframe><script type=\"text\/javascript\">\n\/* <![CDATA[ *\/\n\/*! This file is auto-generated *\/\n!function(d,l){\"use strict\";l.querySelector&&d.addEventListener&&\"undefined\"!=typeof URL&&(d.wp=d.wp||{},d.wp.receiveEmbedMessage||(d.wp.receiveEmbedMessage=function(e){var t=e.data;if((t||t.secret||t.message||t.value)&&!\/[^a-zA-Z0-9]\/.test(t.secret)){for(var s,r,n,a=l.querySelectorAll('iframe[data-secret=\"'+t.secret+'\"]'),o=l.querySelectorAll('blockquote[data-secret=\"'+t.secret+'\"]'),c=new RegExp(\"^https?:$\",\"i\"),i=0;i<o.length;i++)o[i].style.display=\"none\";for(i=0;i<a.length;i++)s=a[i],e.source===s.contentWindow&&(s.removeAttribute(\"style\"),\"height\"===t.message?(1e3<(r=parseInt(t.value,10))?r=1e3:~~r<200&&(r=200),s.height=r):\"link\"===t.message&&(r=new URL(s.getAttribute(\"src\")),n=new URL(t.value),c.test(n.protocol))&&n.host===r.host&&l.activeElement===s&&(d.top.location.href=t.value))}},d.addEventListener(\"message\",d.wp.receiveEmbedMessage,!1),l.addEventListener(\"DOMContentLoaded\",function(){for(var e,t,s=l.querySelectorAll(\"iframe.wp-embedded-content\"),r=0;r<s.length;r++)(t=(e=s[r]).getAttribute(\"data-secret\"))||(t=Math.random().toString(36).substring(2,12),e.src+=\"#?secret=\"+t,e.setAttribute(\"data-secret\",t)),e.contentWindow.postMessage({message:\"ready\",secret:t},\"*\")},!1)))}(window,document);\n\/\/# sourceURL=https:\/\/dignitynews.eu\/wp-includes\/js\/wp-embed.min.js\n\/* ]]> *\/\n<\/script>\n","thumbnail_url":"https:\/\/dignitynews.eu\/wp-content\/uploads\/2022\/06\/Portret-Stanislawa-Augusta-fot.-Wikimedia-Commons-scaled.jpg","thumbnail_width":2019,"thumbnail_height":2560,"description":"W Muzeum w Nieborowie otwarta zosta\u0142a najnowsza wystawa sta\u0142a zatytu\u0142owana \u201e W Radziwi\u0142\u0142owskim sta\u0142y domu&#8230;&#8221;.\u00a0Na wystawie pokazane s\u0105 przedmioty pochodz\u0105ce z dawnych siedzib radziwi\u0142\u0142owskich, po\u0142o\u017conych na terenach dzisiejszej Bia\u0142orusi, Litwy,&hellip;"}